{"id":84,"date":"2025-09-14T13:18:44","date_gmt":"2025-09-14T11:18:44","guid":{"rendered":"http:\/\/annemarieproffit.fr\/?page_id=84"},"modified":"2025-09-14T15:03:37","modified_gmt":"2025-09-14T13:03:37","slug":"sessions","status":"publish","type":"page","link":"http:\/\/annemarieproffit.fr\/?page_id=84","title":{"rendered":"Sessions"},"content":{"rendered":"\n<p>Les sessions permettent d&#8217;exp\u00e9rimenter la totalit\u00e9 des conseils de Sainte Hildegarde : alimentation, cuisine, vie spirituelle et fraternelle.<\/p>\n\n\n\n<h2 class=\"wp-block-heading\">Prochaine session<\/h2>\n\n\n\n<figure class=\"wp-block-image aligncenter size-full is-style-default\"><img loading=\"lazy\" decoding=\"async\" width=\"778\" height=\"511\" src=\"http:\/\/annemarieproffit.fr\/wp-content\/uploads\/2025\/09\/Diete-automne.png\" alt=\"\" class=\"wp-image-85\" srcset=\"http:\/\/annemarieproffit.fr\/wp-content\/uploads\/2025\/09\/Diete-automne.png 778w, http:\/\/annemarieproffit.fr\/wp-content\/uploads\/2025\/09\/Diete-automne-300x197.png 300w, http:\/\/annemarieproffit.fr\/wp-content\/uploads\/2025\/09\/Diete-automne-768x504.png 768w\" sizes=\"auto, (max-width: 778px) 100vw, 778px\" \/><\/figure>\n\n\n\n<div class=\"wp-block-file\"><a id=\"wp-block-file--media-76fa6b66-d306-4c91-be55-784e01625339\" href=\"http:\/\/annemarieproffit.fr\/wp-content\/uploads\/2025\/09\/Feuille-dinscription.docx\">Feuille d&#8217;inscription<\/a><a href=\"http:\/\/annemarieproffit.fr\/wp-content\/uploads\/2025\/09\/Feuille-dinscription.docx\" class=\"wp-block-file__button wp-element-button\" download aria-describedby=\"wp-block-file--media-76fa6b66-d306-4c91-be55-784e01625339\">T\u00e9l\u00e9charger<\/a><\/div>\n\n\n\n<div style=\"height:100px\" aria-hidden=\"true\" class=\"wp-block-spacer\"><\/div>\n\n\n\n<figure class=\"wp-block-gallery has-nested-images columns-default is-cropped wp-block-gallery-1 is-layout-flex wp-block-gallery-is-layout-flex\">\n<figure class=\"wp-block-image size-large is-style-default\"><img loading=\"lazy\" decoding=\"async\" width=\"114\" height=\"114\" data-id=\"96\" src=\"http:\/\/annemarieproffit.fr\/wp-content\/uploads\/2025\/09\/Session1.jpg\" alt=\"\" class=\"wp-image-96\"\/><\/figure>\n\n\n\n<figure class=\"wp-block-image size-large\"><img loading=\"lazy\" decoding=\"async\" width=\"114\" height=\"114\" data-id=\"98\" src=\"http:\/\/annemarieproffit.fr\/wp-content\/uploads\/2025\/09\/Session2.jpg\" alt=\"\" class=\"wp-image-98\"\/><\/figure>\n\n\n\n<figure class=\"wp-block-image size-large\"><img loading=\"lazy\" decoding=\"async\" width=\"114\" height=\"114\" data-id=\"100\" src=\"http:\/\/annemarieproffit.fr\/wp-content\/uploads\/2025\/09\/Session3.jpg\" alt=\"\" class=\"wp-image-100\"\/><\/figure>\n\n\n\n<figure class=\"wp-block-image size-large\"><img loading=\"lazy\" decoding=\"async\" width=\"114\" height=\"114\" data-id=\"99\" src=\"http:\/\/annemarieproffit.fr\/wp-content\/uploads\/2025\/09\/Session4.jpg\" alt=\"\" class=\"wp-image-99\"\/><\/figure>\n\n\n\n<figure class=\"wp-block-image size-large\"><img loading=\"lazy\" decoding=\"async\" width=\"114\" height=\"114\" data-id=\"97\" src=\"http:\/\/annemarieproffit.fr\/wp-content\/uploads\/2025\/09\/Session5.jpg\" alt=\"\" class=\"wp-image-97\"\/><\/figure>\n\n\n\n<figure class=\"wp-block-image size-large\"><img loading=\"lazy\" decoding=\"async\" width=\"114\" height=\"114\" data-id=\"101\" src=\"http:\/\/annemarieproffit.fr\/wp-content\/uploads\/2025\/09\/Session6.jpg\" alt=\"\" class=\"wp-image-101\"\/><\/figure>\n<\/figure>\n\n\n\n<h2 class=\"wp-block-heading\">Historique des sessions<\/h2>\n\n\n\n<p><strong>Conf\u00e9rences sur l&#8217;\u00e9cologie<\/strong><br>9 et 10 ao\u00fbt 2023 &#8211;\u00a0Paray-Le-Monial<br>17 septembre 2024 &#8211; Centre spirituel Saint-Pierre, Caen<\/p>\n\n\n\n<p><strong>Monodi\u00e8tes de Car\u00eame<\/strong><br>Mars 2024 &#8211;\u00a0Sanctuaire N.-D. de Montligeon (61)<br>Mars 2023 &#8211;\u00a0Sanctuaire N.-D. de Montligeon (61)<\/p>\n\n\n\n<p><strong>Monodi\u00e8te de l&#8217;Avent<\/strong><br>D\u00e9cembre 2021 &#8211; sanctuaire N.-D. de Montligeon (61)<\/p>\n\n\n\n<p><strong>Monodi\u00e8te&nbsp;\u00e0 l&#8217;\u00e9peautre<\/strong>&nbsp;Octobre 2020&nbsp;\u00e0 l&#8217;abbaye de Juaye-Mondaye (14)<\/p>\n\n\n\n<p><strong>Session sur le th\u00e8me &#8220;L&#8217;homme en sant\u00e9&#8221;<\/strong>&nbsp;\u00c9t\u00e9 2020&nbsp;\u00e0 Notre Dame du Ch\u00eane<\/p>\n\n\n\n<p><strong>P\u00e8lerinage \u00e0 Bingen<\/strong>&nbsp;Septembre 2019<\/p>\n\n\n\n<p><strong>Retraite \u00e0 Notre Dame du Ch\u00eane<\/strong>&nbsp;\u00c9t\u00e9 2019<\/p>\n\n\n\n<p><strong>Retraite \u00e0 Notre Dame du Ch\u00eane<\/strong>&nbsp;(Sarthe) \u00c9t\u00e9 2018<\/p>\n\n\n\n<p><strong>Retraite \u00e0 Notre Dame du Ch\u00eane<\/strong>&nbsp;Juillet 2017 avec le P\u00e8re Haegel<\/p>\n\n\n\n<p><strong><a href=\"http:\/\/annemarieproffit.fr\/?page_id=93\" data-type=\"page\" data-id=\"93\">D\u00e9couverte botanique\u00a0du Jardin des Simples<\/a> du Ch\u00e2teau de Caen<\/strong><br>Juin 2017<\/p>\n\n\n\n<figure class=\"wp-block-image size-large\"><img loading=\"lazy\" decoding=\"async\" width=\"1024\" height=\"395\" src=\"http:\/\/annemarieproffit.fr\/wp-content\/uploads\/2025\/09\/Sessions-1024x395.png\" alt=\"\" class=\"wp-image-91\" srcset=\"http:\/\/annemarieproffit.fr\/wp-content\/uploads\/2025\/09\/Sessions-1024x395.png 1024w, http:\/\/annemarieproffit.fr\/wp-content\/uploads\/2025\/09\/Sessions-300x116.png 300w, http:\/\/annemarieproffit.fr\/wp-content\/uploads\/2025\/09\/Sessions-768x296.png 768w, http:\/\/annemarieproffit.fr\/wp-content\/uploads\/2025\/09\/Sessions.png 1280w\" sizes=\"auto, (max-width: 1024px) 100vw, 1024px\" \/><\/figure>\n","protected":false},"excerpt":{"rendered":"<p>Les sessions permettent d&#8217;exp\u00e9rimenter la totalit\u00e9 des conseils de Sainte Hildegarde : alimentation, cuisine, vie spirituelle et fraternelle. Prochaine session Historique des sessions Conf\u00e9rences sur l&#8217;\u00e9cologie9 et 10 ao\u00fbt 2023 &#8211;\u00a0Paray-Le-Monial17 septembre 2024 &#8211; Centre spirituel Saint-Pierre, Caen Monodi\u00e8tes de Car\u00eameMars 2024 &#8211;\u00a0Sanctuaire N.-D. de Montligeon (61)Mars 2023 &#8211;\u00a0Sanctuaire N.-D. de Montligeon (61) Monodi\u00e8te de [&hellip;]<\/p>\n","protected":false},"author":1,"featured_media":0,"parent":0,"menu_order":0,"comment_status":"closed","ping_status":"closed","template":"","meta":{"footnotes":""},"class_list":["post-84","page","type-page","status-publish","hentry"],"_links":{"self":[{"href":"http:\/\/annemarieproffit.fr\/index.php?rest_route=\/wp\/v2\/pages\/84","targetHints":{"allow":["GET"]}}],"collection":[{"href":"http:\/\/annemarieproffit.fr\/index.php?rest_route=\/wp\/v2\/pages"}],"about":[{"href":"http:\/\/annemarieproffit.fr\/index.php?rest_route=\/wp\/v2\/types\/page"}],"author":[{"embeddable":true,"href":"http:\/\/annemarieproffit.fr\/index.php?rest_route=\/wp\/v2\/users\/1"}],"replies":[{"embeddable":true,"href":"http:\/\/annemarieproffit.fr\/index.php?rest_route=%2Fwp%2Fv2%2Fcomments&post=84"}],"version-history":[{"count":4,"href":"http:\/\/annemarieproffit.fr\/index.php?rest_route=\/wp\/v2\/pages\/84\/revisions"}],"predecessor-version":[{"id":105,"href":"http:\/\/annemarieproffit.fr\/index.php?rest_route=\/wp\/v2\/pages\/84\/revisions\/105"}],"wp:attachment":[{"href":"http:\/\/annemarieproffit.fr\/index.php?rest_route=%2Fwp%2Fv2%2Fmedia&parent=84"}],"curies":[{"name":"wp","href":"https:\/\/api.w.org\/{rel}","templated":true}]}}