{"id":76,"date":"2025-09-14T13:04:02","date_gmt":"2025-09-14T11:04:02","guid":{"rendered":"http:\/\/annemarieproffit.fr\/?page_id=76"},"modified":"2025-09-14T13:10:54","modified_gmt":"2025-09-14T11:10:54","slug":"hildegarde-de-bingen-2","status":"publish","type":"page","link":"http:\/\/annemarieproffit.fr\/?page_id=76","title":{"rendered":"Hildegarde de Bingen"},"content":{"rendered":"\n<div class=\"wp-block-columns is-layout-flex wp-container-core-columns-is-layout-28f84493 wp-block-columns-is-layout-flex\">\n<div class=\"wp-block-column is-layout-flow wp-block-column-is-layout-flow\" style=\"flex-basis:100%\">\n<div class=\"wp-block-group alignwide has-global-padding is-layout-constrained wp-block-group-is-layout-constrained\">\n<div class=\"wp-block-media-text alignfull is-stacked-on-mobile is-vertically-aligned-center\" style=\"grid-template-columns:39% auto\"><figure class=\"wp-block-media-text__media\"><img loading=\"lazy\" decoding=\"async\" width=\"151\" height=\"183\" src=\"http:\/\/annemarieproffit.fr\/wp-content\/uploads\/2025\/09\/HdB.jpg\" alt=\"\" class=\"wp-image-79 size-full\"\/><\/figure><div class=\"wp-block-media-text__content\">\n<p>Femme d\u2019influence, proph\u00e9tesse de Germanie, Sibylle du Rhin, les mots se succ\u00e8dent pour reconnaitre en Hildegarde de Bingen une personnalit\u00e9 hors du commun qui, tr\u00e8s jeune, montre d\u00e9j\u00e0 des dons particuliers.<\/p>\n\n\n\n<p>N\u00e9e en 1097 dans le dioc\u00e8se de Mayence en Allemagne, dixi\u00e8me enfant d\u2019une famille aristocrate, ses parents la confient \u00e0 l\u2019\u00e2ge de huit ans \u00e0 Jutta, amie de la famille et moniale b\u00e9n\u00e9dictine, afin de l\u2019instruire. Ceci est un ph\u00e9nom\u00e8ne courant au Moyen-Age.<\/p>\n<\/div><\/div>\n<\/div>\n<\/div>\n<\/div>\n\n\n\n<p class=\"has-text-align-left\">C\u2019est dans ce monast\u00e8re du Disibodenberg qu\u2019elle prononcera ses v\u0153ux vers l\u2019\u00e2ge de quinze ans et qu\u2019elle en deviendra, \u00e0 la mort de Jutta, la sup\u00e9rieure. Elle n\u2019a alors que trente-cinq ans et, bien que de faible constitution, elle d\u00e9ploie une \u00e9nergie qui fait plier ses interlocuteurs.<\/p>\n\n\n\n<p>Ainsi, elle obtient l\u2019ind\u00e9pendance de son monast\u00e8re f\u00e9minin de celui des hommes, au niveau religieux mais aussi financier.<\/p>\n\n\n\n<p>Elle cr\u00e9e ensuite deux autres monast\u00e8res afin d\u2019y accueillir de nombreuses vocations.<\/p>\n\n\n\n<p>Femme d\u2019une grande \u00e9rudition, \u00e0 la pi\u00e9t\u00e9 exemplaire, elle fait preuve en plein Moyen-\u00c2ge d\u2019une autorit\u00e9 spirituelle et politique reconnue, n\u2019h\u00e9sitant pas \u00e0 \u00e9crire aux rois et aux papes pour les mettre en garde et leur demander de prendre le droit chemin. Elle parcourt m\u00eame l\u2019Europe, \u00e0 cheval, \u00e0 plus de soixante-dix ans, pour pr\u00eacher sur les places devant de grandes foules.<\/p>\n\n\n\n<p>Elle mourra quelques mois plus tard.<\/p>\n\n\n\n<p>Hildegarde de Bingen nous a laiss\u00e9 de tr\u00e8s nombreuses \u0153uvres th\u00e9ologiques, politiques, musicales,&nbsp; po\u00e9tiques qui sont ce qu\u2019<em>elle voit ou entend.<\/em>&nbsp;Elle n\u2019\u00e9crit pas une \u0153uvre litt\u00e9raire mais r\u00e9dige, avec l&#8217;aide de secr\u00e9taires, directement ses&nbsp;<em>visions.<\/em><\/p>\n\n\n\n<p>Dans le domaine de la m\u00e9decine, deux grands ouvrages,&nbsp;<em>Causae<\/em>&nbsp;<em>et curae<\/em>&nbsp;(les causes des maladies et leur traitement ) et&nbsp;<em>Physica<\/em>&nbsp;(sciences naturelles), ont \u00e9t\u00e9 red\u00e9couverts au XX<sup>e<\/sup>&nbsp;si\u00e8cle et sont aujourd&#8217;hui \u00e9tudi\u00e9s et \u00e9clair\u00e9s par les donn\u00e9es scientifiques dont nous disposons.<\/p>\n\n\n\n<p>Hildegarde de Bingen a \u00e9t\u00e9 canonis\u00e9e en 2012 et nomm\u00e9e docteur de l\u2019\u00c9glise cette m\u00eame ann\u00e9e par le pape Beno\u00eet XVI.<\/p>\n\n\n\n<p>D\u00e9clar\u00e9e proph\u00e9tesse au Moyen-\u00c2ge, proph\u00e9tesse pour notre monde contemporain, Hildegarde de Bingen est une femme \u00e9tonnamment moderne qui, aujourd\u2019hui, nous transmet un message dans l\u2019air du temps, \u00e0 une \u00e9poque o\u00f9 l&#8217;on se pr\u00e9occupe de nature et d&#8217;\u00e9cologie.<\/p>\n\n\n\n<p>Elle nous propose une \u00e9cole de vie, nous offre une&nbsp;cl\u00e9 du bonheur qui n\u2019est qu\u2019harmonie avec la cr\u00e9ation faite pour l\u2019homme et ad\u00e9quation au Cr\u00e9ateur. Son oeuvre est une oeuvre de Lumi\u00e8re qui peut \u00e9clairer chacun et transfigurer le monde.<\/p>\n\n\n\n<p class=\"has-text-align-left\">Comme au Moyen-\u00c2ge, Hildegarde de Bingen ne s\u2019adresse pas qu\u2019aux personnes croyantes mais ouvre un chemin de bien-\u00eatre, de gu\u00e9rison et de foi pour tous.<\/p>\n\n\n\n<div style=\"height:100px\" aria-hidden=\"true\" class=\"wp-block-spacer\"><\/div>\n","protected":false},"excerpt":{"rendered":"<p>Femme d\u2019influence, proph\u00e9tesse de Germanie, Sibylle du Rhin, les mots se succ\u00e8dent pour reconnaitre en Hildegarde de Bingen une personnalit\u00e9 hors du commun qui, tr\u00e8s jeune, montre d\u00e9j\u00e0 des dons particuliers. N\u00e9e en 1097 dans le dioc\u00e8se de Mayence en Allemagne, dixi\u00e8me enfant d\u2019une famille aristocrate, ses parents la confient \u00e0 l\u2019\u00e2ge de huit ans [&hellip;]<\/p>\n","protected":false},"author":1,"featured_media":0,"parent":0,"menu_order":0,"comment_status":"closed","ping_status":"closed","template":"","meta":{"footnotes":""},"class_list":["post-76","page","type-page","status-publish","hentry"],"_links":{"self":[{"href":"http:\/\/annemarieproffit.fr\/index.php?rest_route=\/wp\/v2\/pages\/76","targetHints":{"allow":["GET"]}}],"collection":[{"href":"http:\/\/annemarieproffit.fr\/index.php?rest_route=\/wp\/v2\/pages"}],"about":[{"href":"http:\/\/annemarieproffit.fr\/index.php?rest_route=\/wp\/v2\/types\/page"}],"author":[{"embeddable":true,"href":"http:\/\/annemarieproffit.fr\/index.php?rest_route=\/wp\/v2\/users\/1"}],"replies":[{"embeddable":true,"href":"http:\/\/annemarieproffit.fr\/index.php?rest_route=%2Fwp%2Fv2%2Fcomments&post=76"}],"version-history":[{"count":3,"href":"http:\/\/annemarieproffit.fr\/index.php?rest_route=\/wp\/v2\/pages\/76\/revisions"}],"predecessor-version":[{"id":80,"href":"http:\/\/annemarieproffit.fr\/index.php?rest_route=\/wp\/v2\/pages\/76\/revisions\/80"}],"wp:attachment":[{"href":"http:\/\/annemarieproffit.fr\/index.php?rest_route=%2Fwp%2Fv2%2Fmedia&parent=76"}],"curies":[{"name":"wp","href":"https:\/\/api.w.org\/{rel}","templated":true}]}}