{"id":120,"date":"2025-09-14T15:31:26","date_gmt":"2025-09-14T13:31:26","guid":{"rendered":"http:\/\/annemarieproffit.fr\/?page_id=120"},"modified":"2025-09-20T12:27:35","modified_gmt":"2025-09-20T10:27:35","slug":"mes-livres","status":"publish","type":"page","link":"http:\/\/annemarieproffit.fr\/?page_id=120","title":{"rendered":"Mes livres"},"content":{"rendered":"\n<div class=\"wp-block-columns alignwide is-layout-flex wp-container-core-columns-is-layout-28f84493 wp-block-columns-is-layout-flex\">\n<div class=\"wp-block-column is-layout-flow wp-block-column-is-layout-flow\">\n<h3 class=\"wp-block-heading\">R\u00e9veiller les forces de vie &#8211; parcours vertueux avec Sainte Hildegarde (2025)<\/h3>\n\n\n\n<div style=\"height:26px\" aria-hidden=\"true\" class=\"wp-block-spacer\"><\/div>\n\n\n\n<p>Ce livre se pr\u00e9sente sous la forme d\u2019un <strong>parcours en 6 \u00e9tapes<\/strong>, avec une progression.<\/p>\n\n\n\n<p>Le but est de grandir en saintet\u00e9 en s\u2019ajustant de plus en plus au dessein de Dieu selon les enseignements de sainte Hildegarde de Bingen.<\/p>\n\n\n\n<p>Il peut se pratiquer \u00e0 <strong>n\u2019importe quel moment de l\u2019ann\u00e9e<\/strong> et tout sp\u00e9cialement pendant le temps du <strong>Car\u00eame <\/strong>ou de l&#8217;<strong>Avent<\/strong>.<\/p>\n\n\n\n<p>Son objectif est de <strong>r\u00e9veiller les forces de vie<\/strong> pr\u00e9sentes en chacun, chez soi, en paroisse ou en communaut\u00e9 pour devenir ce \u00e0 quoi nous sommes tous appel\u00e9s\u00a0: des <strong>\u00eatres de lumi\u00e8re<\/strong>.<\/p>\n\n\n\n<p>Il s\u2019agit d\u2019emprunter un <strong>chemin de conversion exigeant mais simple<\/strong>, bas\u00e9 principalement sur le Livre des m\u00e9rites de la Vie de sainte Hildegarde de Bingen, v\u00e9ritable manuel pour un<\/p>\n\n\n\n<p>discernement qualitatif de l\u2019agir de l\u2019homme.<\/p>\n\n\n\n<p>Ce parcours est \u00e0 la fois <strong>spirituel et concret<\/strong>. Il r\u00e9pond \u00e0 la<\/p>\n\n\n\n<p>vision de l\u2019homme selon sainte Hildegarde : Corps-\u00c2me-Esprit, unifi\u00e9 en Dieu.<\/p>\n\n\n\n<p>Chaque semaine, sont propos\u00e9es l\u2019<strong>\u00e9tude et la mise en pratique d\u2019une vertu<\/strong>\u00a0: humilit\u00e9, patience, mod\u00e9ration, mis\u00e9ricorde, esp\u00e9rance et charit\u00e9.<\/p>\n\n\n\n<p><\/p>\n\n\n\n<p><\/p>\n\n\n\n<figure class=\"wp-block-image size-full is-resized\"><img loading=\"lazy\" decoding=\"async\" width=\"320\" height=\"448\" src=\"http:\/\/annemarieproffit.fr\/wp-content\/uploads\/2025\/09\/Livre2.jpg\" alt=\"\" class=\"wp-image-121\" style=\"width:217px;height:auto\" srcset=\"http:\/\/annemarieproffit.fr\/wp-content\/uploads\/2025\/09\/Livre2.jpg 320w, http:\/\/annemarieproffit.fr\/wp-content\/uploads\/2025\/09\/Livre2-214x300.jpg 214w\" sizes=\"auto, (max-width: 320px) 100vw, 320px\" \/><\/figure>\n<\/div>\n\n\n\n<div class=\"wp-block-column is-layout-flow wp-block-column-is-layout-flow\">\n<h3 class=\"wp-block-heading\">D\u00e9couvrir Sainte Hildegarde (2022)<\/h3>\n\n\n\n<div style=\"height:26px\" aria-hidden=\"true\" class=\"wp-block-spacer\"><\/div>\n\n\n\n<p>Dot\u00e9e de visions d\u00e8s son plus jeune \u00e2ge, Hildegarde, religieuse puis abbesse b\u00e9n\u00e9dictine, est&nbsp;<strong>la plus grande mystique du Moyen \u00c2ge<\/strong>. Elle laissera une \u0153uvre consid\u00e9rable, essentiellement r\u00e9v\u00e9l\u00e9e par Dieu.<\/p>\n\n\n\n<p><strong>Sant\u00e9, cuisine, musique, th\u00e9ologie<\/strong>&nbsp;: autant de portes d\u2019entr\u00e9e ancr\u00e9es dans notre vie concr\u00e8te pour trouver un chemin de conversion et de connaissance de Dieu et approcher peu \u00e0 peu de la b\u00e9atitude c\u00e9leste.<\/p>\n\n\n\n<p>Dix-sept \u00e9tapes nous permettent de faire de sainte Hildegarde la compagne de notre quotidien. Cet ouvrage court mais complet nous donne de&nbsp;<strong>d\u00e9couvrir de mani\u00e8re simple et accessible sa vie, son \u0153uvre et ses conseils concrets pour notre sant\u00e9.<\/strong><\/p>\n\n\n\n<p>De lecture facile, tous les chapitres peuvent se lire ind\u00e9pendamment les uns des autres pour une d\u00e9couverte rapide de sainte Hildegarde.<\/p>\n\n\n\n<p><strong>N\u00e9 d\u2019une exp\u00e9rience personnelle et professionnelle<\/strong>, cet ouvrage est aussi le t\u00e9moignage de vie de l\u2019auteur avec sainte Hildegarde.<\/p>\n\n\n\n<figure class=\"wp-block-image size-full is-resized\"><img loading=\"lazy\" decoding=\"async\" width=\"320\" height=\"507\" src=\"http:\/\/annemarieproffit.fr\/wp-content\/uploads\/2025\/09\/Livre1.jpg\" alt=\"\" class=\"wp-image-122\" style=\"width:227px;height:auto\" srcset=\"http:\/\/annemarieproffit.fr\/wp-content\/uploads\/2025\/09\/Livre1.jpg 320w, http:\/\/annemarieproffit.fr\/wp-content\/uploads\/2025\/09\/Livre1-189x300.jpg 189w\" sizes=\"auto, (max-width: 320px) 100vw, 320px\" \/><\/figure>\n<\/div>\n<\/div>\n","protected":false},"excerpt":{"rendered":"<p>R\u00e9veiller les forces de vie &#8211; parcours vertueux avec Sainte Hildegarde (2025) Ce livre se pr\u00e9sente sous la forme d\u2019un parcours en 6 \u00e9tapes, avec une progression. Le but est de grandir en saintet\u00e9 en s\u2019ajustant de plus en plus au dessein de Dieu selon les enseignements de sainte Hildegarde de Bingen. Il peut se [&hellip;]<\/p>\n","protected":false},"author":1,"featured_media":0,"parent":0,"menu_order":0,"comment_status":"closed","ping_status":"closed","template":"","meta":{"footnotes":""},"class_list":["post-120","page","type-page","status-publish","hentry"],"_links":{"self":[{"href":"http:\/\/annemarieproffit.fr\/index.php?rest_route=\/wp\/v2\/pages\/120","targetHints":{"allow":["GET"]}}],"collection":[{"href":"http:\/\/annemarieproffit.fr\/index.php?rest_route=\/wp\/v2\/pages"}],"about":[{"href":"http:\/\/annemarieproffit.fr\/index.php?rest_route=\/wp\/v2\/types\/page"}],"author":[{"embeddable":true,"href":"http:\/\/annemarieproffit.fr\/index.php?rest_route=\/wp\/v2\/users\/1"}],"replies":[{"embeddable":true,"href":"http:\/\/annemarieproffit.fr\/index.php?rest_route=%2Fwp%2Fv2%2Fcomments&post=120"}],"version-history":[{"count":2,"href":"http:\/\/annemarieproffit.fr\/index.php?rest_route=\/wp\/v2\/pages\/120\/revisions"}],"predecessor-version":[{"id":131,"href":"http:\/\/annemarieproffit.fr\/index.php?rest_route=\/wp\/v2\/pages\/120\/revisions\/131"}],"wp:attachment":[{"href":"http:\/\/annemarieproffit.fr\/index.php?rest_route=%2Fwp%2Fv2%2Fmedia&parent=120"}],"curies":[{"name":"wp","href":"https:\/\/api.w.org\/{rel}","templated":true}]}}