{"id":111,"date":"2025-09-14T15:10:24","date_gmt":"2025-09-14T13:10:24","guid":{"rendered":"http:\/\/annemarieproffit.fr\/?page_id=111"},"modified":"2025-09-14T15:10:24","modified_gmt":"2025-09-14T13:10:24","slug":"mon-ethique-professionnelle","status":"publish","type":"page","link":"http:\/\/annemarieproffit.fr\/?page_id=111","title":{"rendered":"Mon \u00e9thique professionnelle"},"content":{"rendered":"\n<ul class=\"wp-block-list\">\n<li><strong>Confidentialit\u00e9\u00a0<\/strong>: l\u2019identit\u00e9 de la personne, le contenu des entretiens sont des donn\u00e9es qui ne sortent pas du lieu o\u00f9 ils sont men\u00e9s.<\/li>\n<\/ul>\n\n\n\n<p><\/p>\n\n\n\n<ul class=\"wp-block-list\">\n<li><strong>Respect de chacun<\/strong>\u00a0dans son identit\u00e9 personnelle, culturelle, religieuse, familiale, professionnelle\u2026<\/li>\n<\/ul>\n\n\n\n<p><\/p>\n\n\n\n<ul class=\"wp-block-list\">\n<li>Hildegarde de Bingen \u00e9tait une moniale et sa th\u00e9rapie r\u00e9v\u00e9l\u00e9e repose sur l\u2019harmonie de la Cr\u00e9ature et du Cr\u00e9ateur, Dieu Trinitaire. Cette approche n\u2019est pas r\u00e9serv\u00e9e aux seuls chr\u00e9tiens\u00a0! La\u00a0<strong>question religieuse<\/strong>\u00a0est abord\u00e9e dans le respect des croyances de chacun.<\/li>\n<\/ul>\n\n\n\n<p><\/p>\n\n\n\n<ul class=\"wp-block-list\">\n<li><strong>Partage\u00a0<\/strong>: Dans un souci d\u2019acc\u00e8s au plus grand nombre de personnes, mes tarifs sont \u00e9tudi\u00e9s au plus juste prix.<\/li>\n<\/ul>\n\n\n\n<p><\/p>\n\n\n\n<ul class=\"wp-block-list\">\n<li><strong>Transparence\u00a0<\/strong>: Je suis amen\u00e9e \u00e0 conseiller des produits qui ne se trouvent que chez certains fournisseurs. Je n\u2019ai aucun int\u00e9r\u00eat financier \u00e0 travers cette information donn\u00e9e. Si je suis relais pour un fournisseur, la r\u00e9duction appliqu\u00e9e par celui-ci l\u2019est \u00e9galement pour les clients et je partage seulement les frais de port.<\/li>\n<\/ul>\n\n\n\n<p><\/p>\n\n\n\n<ul class=\"wp-block-list\">\n<li><strong>Limites\u00a0<\/strong>: Comme toute th\u00e9rapie, l\u2019approche hildegardienne a ses limites, dans l\u2019\u00e9tat actuel des connaissances. Je ne suis ni m\u00e9decin, ni psychologue et je reconnais toute sa valeur \u00e0 la m\u00e9decine allopathique, \u00e0 la chirurgie, \u00e0 d\u2019autres approches th\u00e9rapeutiques et scientifiques dont le patient ne peut se passer si n\u00e9cessaire et vers lesquelles je peux l\u2019amener \u00e0 s\u2019orienter.<\/li>\n<\/ul>\n","protected":false},"excerpt":{"rendered":"","protected":false},"author":1,"featured_media":0,"parent":0,"menu_order":0,"comment_status":"closed","ping_status":"closed","template":"","meta":{"footnotes":""},"class_list":["post-111","page","type-page","status-publish","hentry"],"_links":{"self":[{"href":"http:\/\/annemarieproffit.fr\/index.php?rest_route=\/wp\/v2\/pages\/111","targetHints":{"allow":["GET"]}}],"collection":[{"href":"http:\/\/annemarieproffit.fr\/index.php?rest_route=\/wp\/v2\/pages"}],"about":[{"href":"http:\/\/annemarieproffit.fr\/index.php?rest_route=\/wp\/v2\/types\/page"}],"author":[{"embeddable":true,"href":"http:\/\/annemarieproffit.fr\/index.php?rest_route=\/wp\/v2\/users\/1"}],"replies":[{"embeddable":true,"href":"http:\/\/annemarieproffit.fr\/index.php?rest_route=%2Fwp%2Fv2%2Fcomments&post=111"}],"version-history":[{"count":1,"href":"http:\/\/annemarieproffit.fr\/index.php?rest_route=\/wp\/v2\/pages\/111\/revisions"}],"predecessor-version":[{"id":112,"href":"http:\/\/annemarieproffit.fr\/index.php?rest_route=\/wp\/v2\/pages\/111\/revisions\/112"}],"wp:attachment":[{"href":"http:\/\/annemarieproffit.fr\/index.php?rest_route=%2Fwp%2Fv2%2Fmedia&parent=111"}],"curies":[{"name":"wp","href":"https:\/\/api.w.org\/{rel}","templated":true}]}}